{"id":2,"date":"2021-10-30T18:03:33","date_gmt":"2021-10-30T17:03:33","guid":{"rendered":"https:\/\/dyvo.eu\/tutor-template-01\/?page_id=2"},"modified":"2022-03-24T18:15:57","modified_gmt":"2022-03-24T17:15:57","slug":"sample-page","status":"publish","type":"page","link":"https:\/\/dyvo.eu\/stmk-landesregierung-jugend\/","title":{"rendered":"Organisation"},"content":{"rendered":"<div id=\"pl-2\"  class=\"panel-layout\" ><div id=\"pg-2-0\"  class=\"panel-grid panel-has-style\" ><div class=\"section-header panel-row-style panel-row-style-for-2-0\" ><div id=\"pgc-2-0-0\"  class=\"panel-grid-cell\" ><div id=\"panel-2-0-0-0\" class=\"so-panel widget widget_sow-editor panel-first-child panel-last-child\" data-index=\"0\" ><div\n\t\t\t\n\t\t\tclass=\"so-widget-sow-editor so-widget-sow-editor-base\"\n\t\t\t\n\t\t>\n<div class=\"siteorigin-widget-tinymce textwidget\">\n\t<p><img loading=\"lazy\" decoding=\"async\" class=\"alignnone\" src=\"https:\/\/dyvo.eu\/organisation-template-de\/wp-content\/uploads\/sites\/6\/map-pin-point.png\" alt=\"\" width=\"43\" height=\"57\" \/><br \/>\n<label><\/label>Steierm\u00e4rkische Landesregierung Referat Jugend<br \/>\nKarmeliterplatz 2<br \/>\n8010 Graz, Austria<\/p>\n<p><img loading=\"lazy\" decoding=\"async\" class=\"wp-image-335 alignnone\" src=\"https:\/\/dyvo.eu\/organisation-template-de\/wp-content\/uploads\/sites\/6\/call-logs.png\" alt=\"\" width=\"44\" height=\"50\" \/><a href=\"mailto:office@auxilium.co.at\"><br \/>\n<\/a><a href=\"http:\/\/www.landesjugendreferat.at\" target=\"_blank\" rel=\"noopener\">www.landesjugendreferat.at<\/a><br \/>\n<label><\/label><a href=\"mailto:jugend@stmk.gv.at\">jugend@stmk.gv.at<\/a><\/p>\n<\/div>\n<\/div><\/div><\/div><div id=\"pgc-2-0-1\"  class=\"panel-grid-cell\" ><div id=\"panel-2-0-1-0\" class=\"so-panel widget widget_sow-editor panel-first-child panel-last-child\" data-index=\"1\" ><div\n\t\t\t\n\t\t\tclass=\"so-widget-sow-editor so-widget-sow-editor-base\"\n\t\t\t\n\t\t>\n<div class=\"siteorigin-widget-tinymce textwidget\">\n\t<p><img loading=\"lazy\" decoding=\"async\" class=\"wp-image-336 alignnone\" src=\"https:\/\/dyvo.eu\/organisation-template-de\/wp-content\/uploads\/sites\/6\/group-chat.png\" alt=\"\" width=\"91\" height=\"70\" \/><br \/>\n<strong>TUTOR<br \/>\n<\/strong>Christian Ruck<br \/>\n<a href=\"mailto:christian.ruck@stmk.gv.at\">christian.ruck@stmk.gv.at<\/a><\/p>\n<\/div>\n<\/div><\/div><\/div><\/div><\/div><div id=\"pg-2-1\"  class=\"panel-grid panel-no-style\" ><div id=\"pgc-2-1-0\"  class=\"panel-grid-cell\" ><div id=\"panel-2-1-0-0\" class=\"so-panel widget widget_sow-editor panel-first-child panel-last-child\" data-index=\"2\" ><div\n\t\t\t\n\t\t\tclass=\"so-widget-sow-editor so-widget-sow-editor-base\"\n\t\t\t\n\t\t><h3 class=\"widget-title\">ABOUT US<\/h3>\n<div class=\"siteorigin-widget-tinymce textwidget\">\n\t<p> The Youth Department supports and promotes extracurricular and out-of-school work with children and young people. The goal of the unit is to accompany children and young people in their personal development to become independent, mature, reflective and self-confident citizens in the best possible way.<\/p>\n<\/div>\n<\/div><\/div><\/div><div id=\"pgc-2-1-1\"  class=\"panel-grid-cell\" ><div id=\"panel-2-1-1-0\" class=\"so-panel widget widget_sow-editor panel-first-child panel-last-child\" data-index=\"3\" ><div\n\t\t\t\n\t\t\tclass=\"so-widget-sow-editor so-widget-sow-editor-base\"\n\t\t\t\n\t\t><h3 class=\"widget-title\">\u00dcBER UNS<\/h3>\n<div class=\"siteorigin-widget-tinymce textwidget\">\n\t<p>Das Referat Jugend unterst\u00fctzt und f\u00f6rdert die au\u00dferschulische und au\u00dferberufliche Kinder- und Jugendarbeit. Ziel des Referats ist es, Kinder und Jugendliche in ihrer pers\u00f6nlichen Entwicklung zu eigenst\u00e4ndigen, m\u00fcndigen, reflektierten und selbstbewussten B\u00fcrgern bestm\u00f6glich zu begleiten.<\/p>\n<\/div>\n<\/div><\/div><\/div><\/div><\/div>","protected":false},"excerpt":{"rendered":"<p>Steierm\u00e4rkische Landesregierung Referat Jugend Karmeliterplatz 2 8010 Graz, Austria www.landesjugendreferat.at jugend@stmk.gv.at TUTOR Christian Ruck christian.ruck@stmk.gv.at The Youth Department supports and promotes extracurricular and out-of-school work with children and young people. The goal of the unit is to accompany children and young people in their personal development to become independent, mature, reflective and self-confident citizens in &#8230; <a title=\"Organisation\" class=\"read-more\" href=\"https:\/\/dyvo.eu\/stmk-landesregierung-jugend\/\" aria-label=\"Read more about Organisation\">Read more<\/a><\/p>\n","protected":false},"author":1,"featured_media":0,"parent":0,"menu_order":0,"comment_status":"closed","ping_status":"open","template":"","meta":{"footnotes":""},"class_list":["post-2","page","type-page","status-publish"],"yoast_head":"<!-- This site is optimized with the Yoast SEO plugin v27.4 - https:\/\/yoast.com\/product\/yoast-seo-wordpress\/ -->\n<title>Organisation - Steierm\u00e4rkische Landesregierung Referat Jugend<\/title>\n<meta name=\"robots\" content=\"index, follow, max-snippet:-1, max-image-preview:large, max-video-preview:-1\" \/>\n<link rel=\"canonical\" href=\"https:\/\/dyvo.eu\/stmk-landesregierung-jugend\/\" \/>\n<meta property=\"og:locale\" content=\"en_GB\" \/>\n<meta property=\"og:type\" content=\"article\" \/>\n<meta property=\"og:title\" content=\"Organisation - Steierm\u00e4rkische Landesregierung Referat Jugend\" \/>\n<meta property=\"og:description\" content=\"Steierm\u00e4rkische Landesregierung Referat Jugend Karmeliterplatz 2 8010 Graz, Austria www.landesjugendreferat.at jugend@stmk.gv.at TUTOR Christian Ruck christian.ruck@stmk.gv.at The Youth Department supports and promotes extracurricular and out-of-school work with children and young people. The goal of the unit is to accompany children and young people in their personal development to become independent, mature, reflective and self-confident citizens in ... Read more\" \/>\n<meta property=\"og:url\" content=\"https:\/\/dyvo.eu\/stmk-landesregierung-jugend\/\" \/>\n<meta property=\"og:site_name\" content=\"Steierm\u00e4rkische Landesregierung Referat Jugend\" \/>\n<meta property=\"article:modified_time\" content=\"2022-03-24T17:15:57+00:00\" \/>\n<meta property=\"og:image\" content=\"https:\/\/dyvo.eu\/organisation-template-de\/wp-content\/uploads\/sites\/6\/map-pin-point.png\" \/>\n<meta name=\"twitter:card\" content=\"summary_large_image\" \/>\n<meta name=\"twitter:label1\" content=\"Estimated reading time\" \/>\n\t<meta name=\"twitter:data1\" content=\"1 minute\" \/>\n<script type=\"application\/ld+json\" class=\"yoast-schema-graph\">{\"@context\":\"https:\\\/\\\/schema.org\",\"@graph\":[{\"@type\":\"WebPage\",\"@id\":\"https:\\\/\\\/dyvo.eu\\\/stmk-landesregierung-jugend\\\/\",\"url\":\"https:\\\/\\\/dyvo.eu\\\/stmk-landesregierung-jugend\\\/\",\"name\":\"Organisation - Steierm\u00e4rkische Landesregierung Referat Jugend\",\"isPartOf\":{\"@id\":\"https:\\\/\\\/dyvo.eu\\\/stmk-landesregierung-jugend\\\/#website\"},\"primaryImageOfPage\":{\"@id\":\"https:\\\/\\\/dyvo.eu\\\/stmk-landesregierung-jugend\\\/#primaryimage\"},\"image\":{\"@id\":\"https:\\\/\\\/dyvo.eu\\\/stmk-landesregierung-jugend\\\/#primaryimage\"},\"thumbnailUrl\":\"https:\\\/\\\/dyvo.eu\\\/organisation-template-de\\\/wp-content\\\/uploads\\\/sites\\\/6\\\/map-pin-point.png\",\"datePublished\":\"2021-10-30T17:03:33+00:00\",\"dateModified\":\"2022-03-24T17:15:57+00:00\",\"breadcrumb\":{\"@id\":\"https:\\\/\\\/dyvo.eu\\\/stmk-landesregierung-jugend\\\/#breadcrumb\"},\"inLanguage\":\"en-GB\",\"potentialAction\":[{\"@type\":\"ReadAction\",\"target\":[\"https:\\\/\\\/dyvo.eu\\\/stmk-landesregierung-jugend\\\/\"]}]},{\"@type\":\"ImageObject\",\"inLanguage\":\"en-GB\",\"@id\":\"https:\\\/\\\/dyvo.eu\\\/stmk-landesregierung-jugend\\\/#primaryimage\",\"url\":\"https:\\\/\\\/dyvo.eu\\\/organisation-template-de\\\/wp-content\\\/uploads\\\/sites\\\/6\\\/map-pin-point.png\",\"contentUrl\":\"https:\\\/\\\/dyvo.eu\\\/organisation-template-de\\\/wp-content\\\/uploads\\\/sites\\\/6\\\/map-pin-point.png\"},{\"@type\":\"BreadcrumbList\",\"@id\":\"https:\\\/\\\/dyvo.eu\\\/stmk-landesregierung-jugend\\\/#breadcrumb\",\"itemListElement\":[{\"@type\":\"ListItem\",\"position\":1,\"name\":\"Home\",\"item\":\"https:\\\/\\\/dyvo.eu\\\/stmk-landesregierung-jugend\\\/\"},{\"@type\":\"ListItem\",\"position\":2,\"name\":\"Organisation\"}]},{\"@type\":\"WebSite\",\"@id\":\"https:\\\/\\\/dyvo.eu\\\/stmk-landesregierung-jugend\\\/#website\",\"url\":\"https:\\\/\\\/dyvo.eu\\\/stmk-landesregierung-jugend\\\/\",\"name\":\"Steierm\u00e4rkische Landesregierung Referat Jugend\",\"description\":\"Austria | \u00d6sterreich\",\"publisher\":{\"@id\":\"https:\\\/\\\/dyvo.eu\\\/stmk-landesregierung-jugend\\\/#organization\"},\"potentialAction\":[{\"@type\":\"SearchAction\",\"target\":{\"@type\":\"EntryPoint\",\"urlTemplate\":\"https:\\\/\\\/dyvo.eu\\\/stmk-landesregierung-jugend\\\/?s={search_term_string}\"},\"query-input\":{\"@type\":\"PropertyValueSpecification\",\"valueRequired\":true,\"valueName\":\"search_term_string\"}}],\"inLanguage\":\"en-GB\"},{\"@type\":\"Organization\",\"@id\":\"https:\\\/\\\/dyvo.eu\\\/stmk-landesregierung-jugend\\\/#organization\",\"name\":\"Steierm\u00e4rkische Landesregierung Referat Jugend\",\"url\":\"https:\\\/\\\/dyvo.eu\\\/stmk-landesregierung-jugend\\\/\",\"logo\":{\"@type\":\"ImageObject\",\"inLanguage\":\"en-GB\",\"@id\":\"https:\\\/\\\/dyvo.eu\\\/stmk-landesregierung-jugend\\\/#\\\/schema\\\/logo\\\/image\\\/\",\"url\":\"https:\\\/\\\/dyvo.eu\\\/stmk-landesregierung-jugend\\\/wp-content\\\/uploads\\\/sites\\\/25\\\/DasLandStmk.jpg\",\"contentUrl\":\"https:\\\/\\\/dyvo.eu\\\/stmk-landesregierung-jugend\\\/wp-content\\\/uploads\\\/sites\\\/25\\\/DasLandStmk.jpg\",\"width\":1000,\"height\":703,\"caption\":\"Steierm\u00e4rkische Landesregierung Referat Jugend\"},\"image\":{\"@id\":\"https:\\\/\\\/dyvo.eu\\\/stmk-landesregierung-jugend\\\/#\\\/schema\\\/logo\\\/image\\\/\"}}]}<\/script>\n<!-- \/ Yoast SEO plugin. -->","yoast_head_json":{"title":"Organisation - Steierm\u00e4rkische Landesregierung Referat Jugend","robots":{"index":"index","follow":"follow","max-snippet":"max-snippet:-1","max-image-preview":"max-image-preview:large","max-video-preview":"max-video-preview:-1"},"canonical":"https:\/\/dyvo.eu\/stmk-landesregierung-jugend\/","og_locale":"en_GB","og_type":"article","og_title":"Organisation - Steierm\u00e4rkische Landesregierung Referat Jugend","og_description":"Steierm\u00e4rkische Landesregierung Referat Jugend Karmeliterplatz 2 8010 Graz, Austria www.landesjugendreferat.at jugend@stmk.gv.at TUTOR Christian Ruck christian.ruck@stmk.gv.at The Youth Department supports and promotes extracurricular and out-of-school work with children and young people. The goal of the unit is to accompany children and young people in their personal development to become independent, mature, reflective and self-confident citizens in ... Read more","og_url":"https:\/\/dyvo.eu\/stmk-landesregierung-jugend\/","og_site_name":"Steierm\u00e4rkische Landesregierung Referat Jugend","article_modified_time":"2022-03-24T17:15:57+00:00","og_image":[{"url":"https:\/\/dyvo.eu\/organisation-template-de\/wp-content\/uploads\/sites\/6\/map-pin-point.png","type":"","width":"","height":""}],"twitter_card":"summary_large_image","twitter_misc":{"Estimated reading time":"1 minute"},"schema":{"@context":"https:\/\/schema.org","@graph":[{"@type":"WebPage","@id":"https:\/\/dyvo.eu\/stmk-landesregierung-jugend\/","url":"https:\/\/dyvo.eu\/stmk-landesregierung-jugend\/","name":"Organisation - Steierm\u00e4rkische Landesregierung Referat Jugend","isPartOf":{"@id":"https:\/\/dyvo.eu\/stmk-landesregierung-jugend\/#website"},"primaryImageOfPage":{"@id":"https:\/\/dyvo.eu\/stmk-landesregierung-jugend\/#primaryimage"},"image":{"@id":"https:\/\/dyvo.eu\/stmk-landesregierung-jugend\/#primaryimage"},"thumbnailUrl":"https:\/\/dyvo.eu\/organisation-template-de\/wp-content\/uploads\/sites\/6\/map-pin-point.png","datePublished":"2021-10-30T17:03:33+00:00","dateModified":"2022-03-24T17:15:57+00:00","breadcrumb":{"@id":"https:\/\/dyvo.eu\/stmk-landesregierung-jugend\/#breadcrumb"},"inLanguage":"en-GB","potentialAction":[{"@type":"ReadAction","target":["https:\/\/dyvo.eu\/stmk-landesregierung-jugend\/"]}]},{"@type":"ImageObject","inLanguage":"en-GB","@id":"https:\/\/dyvo.eu\/stmk-landesregierung-jugend\/#primaryimage","url":"https:\/\/dyvo.eu\/organisation-template-de\/wp-content\/uploads\/sites\/6\/map-pin-point.png","contentUrl":"https:\/\/dyvo.eu\/organisation-template-de\/wp-content\/uploads\/sites\/6\/map-pin-point.png"},{"@type":"BreadcrumbList","@id":"https:\/\/dyvo.eu\/stmk-landesregierung-jugend\/#breadcrumb","itemListElement":[{"@type":"ListItem","position":1,"name":"Home","item":"https:\/\/dyvo.eu\/stmk-landesregierung-jugend\/"},{"@type":"ListItem","position":2,"name":"Organisation"}]},{"@type":"WebSite","@id":"https:\/\/dyvo.eu\/stmk-landesregierung-jugend\/#website","url":"https:\/\/dyvo.eu\/stmk-landesregierung-jugend\/","name":"Steierm\u00e4rkische Landesregierung Referat Jugend","description":"Austria | \u00d6sterreich","publisher":{"@id":"https:\/\/dyvo.eu\/stmk-landesregierung-jugend\/#organization"},"potentialAction":[{"@type":"SearchAction","target":{"@type":"EntryPoint","urlTemplate":"https:\/\/dyvo.eu\/stmk-landesregierung-jugend\/?s={search_term_string}"},"query-input":{"@type":"PropertyValueSpecification","valueRequired":true,"valueName":"search_term_string"}}],"inLanguage":"en-GB"},{"@type":"Organization","@id":"https:\/\/dyvo.eu\/stmk-landesregierung-jugend\/#organization","name":"Steierm\u00e4rkische Landesregierung Referat Jugend","url":"https:\/\/dyvo.eu\/stmk-landesregierung-jugend\/","logo":{"@type":"ImageObject","inLanguage":"en-GB","@id":"https:\/\/dyvo.eu\/stmk-landesregierung-jugend\/#\/schema\/logo\/image\/","url":"https:\/\/dyvo.eu\/stmk-landesregierung-jugend\/wp-content\/uploads\/sites\/25\/DasLandStmk.jpg","contentUrl":"https:\/\/dyvo.eu\/stmk-landesregierung-jugend\/wp-content\/uploads\/sites\/25\/DasLandStmk.jpg","width":1000,"height":703,"caption":"Steierm\u00e4rkische Landesregierung Referat Jugend"},"image":{"@id":"https:\/\/dyvo.eu\/stmk-landesregierung-jugend\/#\/schema\/logo\/image\/"}}]}},"_links":{"self":[{"href":"https:\/\/dyvo.eu\/stmk-landesregierung-jugend\/wp-json\/wp\/v2\/pages\/2","targetHints":{"allow":["GET"]}}],"collection":[{"href":"https:\/\/dyvo.eu\/stmk-landesregierung-jugend\/wp-json\/wp\/v2\/pages"}],"about":[{"href":"https:\/\/dyvo.eu\/stmk-landesregierung-jugend\/wp-json\/wp\/v2\/types\/page"}],"author":[{"embeddable":true,"href":"https:\/\/dyvo.eu\/stmk-landesregierung-jugend\/wp-json\/wp\/v2\/users\/1"}],"replies":[{"embeddable":true,"href":"https:\/\/dyvo.eu\/stmk-landesregierung-jugend\/wp-json\/wp\/v2\/comments?post=2"}],"version-history":[{"count":7,"href":"https:\/\/dyvo.eu\/stmk-landesregierung-jugend\/wp-json\/wp\/v2\/pages\/2\/revisions"}],"predecessor-version":[{"id":509,"href":"https:\/\/dyvo.eu\/stmk-landesregierung-jugend\/wp-json\/wp\/v2\/pages\/2\/revisions\/509"}],"wp:attachment":[{"href":"https:\/\/dyvo.eu\/stmk-landesregierung-jugend\/wp-json\/wp\/v2\/media?parent=2"}],"curies":[{"name":"wp","href":"https:\/\/api.w.org\/{rel}","templated":true}]}}